{"version":"1.0","provider_name":"F\u00fcl\u00f6p vil\u00e1ga......","provider_url":"https:\/\/csupan.cafeblog.hu","author_name":"F\u00fcl\u00f6p","author_url":"https:\/\/csupan.cafeblog.hu\/author\/fulop\/","title":"B\u00facs\u00fa","html":"<P align=justify><SPAN style=\"FONT-SIZE: 14px\">Vadmacs s\u00e9rtetts\u00e9gb\u0151l, hi\u00fas\u00e1gb\u00f3l, bossz\u00fav\u00e1gyb\u00f3l \u00e1tl\u00e9pett egy hat\u00e1rt, amit semmi nem indokol, \u00e9s semmi nem ment.<\/SPAN><\/P>\r\n<P align=justify><SPAN style=\"FONT-SIZE: 14px\">Tavaly n\u00e9h\u00e1ny kedvesked\u0151 kommentemet k\u00f6vet\u0151en levelet \u00edrt nekem, \u0151 keresett meg. P\u00e1r lev\u00e9l elej\u00e9ig kapcsolatban \u00e1lltunk, amit v\u00e9g\u00fcl \u00e9n z\u00e1rtam le. A lez\u00e1r\u00e1st, a k\u00e9r\u00e9semet, hogy ne \u00edrjon t\u00f6bbet, s\u00e9rt\u0151nek \u00e9rezte - am\u00fagy jogosan, mert nem toler\u00e1lom a figyelmetlens\u00e9get, \u00e9s ezt el\u00e9g kem\u00e9nyen szoktam k\u00f6z\u00f6lni..<\/SPAN><\/P>\r\n<P align=justify><SPAN style=\"FONT-SIZE: 14px\">Most, hogy \u00e9rdeke \u00e9s s\u00e9rtetts\u00e9ge \u00fagy indokolta, a tavalyi levelez\u00e9s t\u00f6rt\u00e9net\u00e9t meghamis\u00edtva \u00e9s ut\u00f3lagosan \u00e9rt\u00e9kelve k\u00f6zszeml\u00e9re tette a saj\u00e1t verzi\u00f3j\u00e1ban - ebben semmi sem \u00fagy van, ahogy t\u00f6rt\u00e9nt.<\/SPAN><\/P>\r\n<P align=justify><SPAN style=\"FONT-SIZE: 14px\">Egy konfliktus sor\u00e1n od\u00e1ig s\u00fcllyedt, hogy a priv\u00e1t szf\u00e9r\u00e1val vissza\u00e9lt. A legsil\u00e1nyabb emberek jellemz\u0151je, hogy annyira \u00e1rtani akarnak a m\u00e1siknak, \u00e9s annyira eszk\u00f6ztelenek, hogy minden lehets\u00e9ges&nbsp;m\u00f3dot felhaszn\u00e1lnak a c\u00e9l \u00e9rdek\u00e9ben, \u00e9s nincs hat\u00e1r, amit \u00e1t ne l\u00e9pn\u00e9nek. M\u00e9g ha ehhez hazudniuk is kell.&nbsp;<\/SPAN><\/P>\r\n<P align=justify><SPAN style=\"FONT-SIZE: 14px\">Vissza\u00e9lt a bizalmammal ut\u00f3lag - ezzel t\u00f6nkretette a kapcsolatomat azzal, akit szeretek.<\/SPAN><\/P>\r\n<P align=justify><SPAN style=\"FONT-SIZE: 14px\">Vadmacs verzi\u00f3j\u00e1ban \u00e9n egy b\u00e9na l\u00fazer vagyok, aki r\u00e1akaszkodott, kereste a t\u00e1rsas\u00e1g\u00e1t, tal\u00e1lkozni akart vele, \u0151 pedig elhajtott. Ez a val\u00f3s\u00e1ggal is, \u00e9s azzal is, amit \u00e9n a kedvesemnek elmondtam, ellent\u00e9tben \u00e1ll.<\/SPAN><\/P>\r\n<P align=justify><SPAN style=\"FONT-SIZE: 14px\"><SPAN style=\"FONT-SIZE: 14px\">Az egyoldal\u00fa, hamis \u00e9s&nbsp;eltorz\u00edtott&nbsp;verzi\u00f3j\u00e1val a hazugs\u00e1g l\u00e1tszat\u00e1ba kevert a kedvesem el\u0151tt, mert egy szerelmes n\u0151nek ilyen ellentmond\u00e1st, ami az \u00e1ltalam elmondottak, \u00e9s Vadmacs verzi\u00f3ja k\u00f6z\u00f6tt van,&nbsp;nem lehet kimagyar\u00e1zni, ak\u00e1rmilyen rossz v\u00e9lem\u00e9nnyel legyen is egy Vadmacs tipus\u00fa szem\u00e9lyr\u0151l.<\/SPAN><\/SPAN><\/P>\r\n<P align=justify><SPAN style=\"FONT-SIZE: 14px\"><STRONG>A becs\u00fcletemre vagyok a legk\u00e9nyesebb, ak\u00e1r a szamur\u00e1jok, \u00e9s nem tudok egy olyan helyzetben \u00e9lni, ahol r\u00e1m a hazugs\u00e1g \u00e1rny\u00e9ka vet\u00fcl, ez\u00e9rt a kapcsolatom folytathatatlannak t\u0171nik (harakirire jelenleg nem futja a lelkier\u0151mb\u0151l :)).<\/STRONG> <\/SPAN><\/P>\r\n<P align=justify><SPAN style=\"FONT-SIZE: 14px\"><STRONG>A blogom a kedvesemhez k\u00f6t\u0151d\u00f6tt \u00e9s k\u00f6t\u00f6tt, \u00e1m mivel elvesz\u00edtettem, sz\u00fcks\u00e9gszer\u0171, hogy befejezzem itt a p\u00e1lyafut\u00e1somat. A jelk\u00e9peknek, a szimbolikus cselekv\u00e9snek mindig nagy jelent\u0151s\u00e9get tulajdon\u00edtottam, \u00e9s ez a blog \u0151t jelenti a sz\u00e1momra.<\/STRONG><\/SPAN><\/P>\r\n<P align=justify><SPAN style=\"FONT-SIZE: 14px\">Vadmacsot a nap folyam\u00e1n t\u00f6bbsz\u00f6r k\u00e9rtem, hogy a priv\u00e1t szf\u00e9ra diszkr\u00e9ci\u00f3j\u00e1t tartsa tiszteletben. <\/SPAN><\/P>\r\n<P align=justify><SPAN style=\"FONT-SIZE: 14px\">Nem az\u00e9rt k\u00e9rtem, hogy eltitkoljak valamit a kedvesem el\u0151tt, nem az\u00e9rt, mert elvitatn\u00e1m a jog\u00e1t, hogy ak\u00e1r a legk\u00f6z\u00f6ns\u00e9gesebb st\u00edlusban is megsz\u00f3ljon,&nbsp;hanem az\u00e9rt, mert s\u00falyos b\u0171nnek tartom, ha valaki \u00e1tl\u00e9p olyan hat\u00e1rokat, amiket nem lenne szabad. <\/SPAN><\/P>\r\n<P align=justify><SPAN style=\"FONT-SIZE: 14px\">Ha mindenki, aki jogosnak \u00e9rezn\u00e9, hogy b\u00fcntesse a m\u00e1sikat, k\u00f6zz\u00e9tenn\u00e9 a titkait, lesz\u00f3ln\u00e1 a k\u00fclsej\u00e9t, ut\u00f3lag gyal\u00e1zn\u00e1, akkor nem lenne \u00e9rdemes senkivel levelezni, \u00e9s csak a titkol\u00f3z\u00e1s \u00e9s szerepj\u00e1tsz\u00e1s lenne \u00e9rtelmes magatart\u00e1s.<\/SPAN><\/P>\r\n<P align=justify><SPAN style=\"FONT-SIZE: 14px\">Meg kell eml\u00edtenem, hogy vannak az NLC-n olyan l\u00e1nyok, akik a t\u00e1rskeres\u00e9s\u00fck sor\u00e1n f\u00e9rfiakt\u00f3l&nbsp;kapott leveleket, j\u00f3llehet n\u00e9v n\u00e9lk\u00fcl, a t\u00f6bbiek sz\u00f3rakoztat\u00e1s\u00e1ra k\u00f6zszeml\u00e9re teszik, mert valamilyen egy\u00e9ni szempont alapj\u00e1n b\u00e9n\u00e1nak, l\u00fazernek, idi\u00f3t\u00e1nak \u00e9rzik. Ez a gyakorlat is \u00f6nmag\u00e1\u00e9rt besz\u00e9l. <\/SPAN><\/P>\r\n<P align=justify><SPAN style=\"FONT-SIZE: 14px\">Azt gondolom, hogy Vadmacs att\u00f3l f\u00fcggetlen\u00fcl is, hogy az \u00e9letembe \u00edgy beletenyerelt, bemutatta, hogy milyen ma egy \u00e1tlagos l\u00e1ny, mit lehet t\u0151le v\u00e1rni, milyen szil\u00e1rdan \u00e9s m\u00e9lyen gy\u00f6kereznek az erk\u00f6lcsei - \u00e9s mi\u00e9rt olyan sok a m\u00e9ltatlan \u00e9s v\u00e1daskod\u00f3 elv\u00e1l\u00e1s \u00e9s v\u00e1l\u00e1s. Hi\u00e1nyzik hozz\u00e1 a kult\u00fara, a bels\u0151 tart\u00e1s, az intelligencia.<\/SPAN><\/P>\r\n<P align=justify><SPAN style=\"FONT-SIZE: 14px\">Nem haragszom r\u00e1, csak megvetem \u00e9s sz\u00e1nom - kifog\u00e1solja, hogy kritikus vagyok az emberekkel, \u00e9s \"k\u00f6t\u00f6zk\u00f6d\u00f6m\", de \u0151 sem k\u00e9pes t\u00f6bbre, mint&nbsp;hogy magatart\u00e1s\u00e1val minden negat\u00edv megl\u00e1t\u00e1somat igazolja. A demokratizmus \u00e9s egyenl\u0151sdi hazugs\u00e1g.<\/SPAN><\/P>\r\n<P align=justify><SPAN style=\"FONT-SIZE: 14px\">Nem haragszom r\u00e1, \u00e9s rosszat sem k\u00edv\u00e1nok neki, csak azt, hogy ha majd megorrol r\u00e1 valaki a k\u00f6rnyezet\u00e9b\u0151l, \u00e9s kiteregeti a titkait \"b\u00fcntet\u00e9sb\u0151l\", \u00e9s \u0151 majd megal\u00e1zottan reklam\u00e1l a jogair\u00f3l, akkor jusson esz\u00e9be ez az eset! Jusson esz\u00e9be, hogy nyomat\u00e9kos \u00e9s t\u00f6bbsz\u00f6ri k\u00e9r\u00e9semet is figyelmen k\u00edv\u00fcl hagyta, vagyis nem b\u00fcntetett, hanem emberi alapjogaimt\u00f3l megfosztott (mert m\u00e9g a gyilkost is legfeljebb diktat\u00far\u00e1kban teszik teljesen jogfosztott\u00e1)!<\/SPAN><\/P>\r\n<P align=justify><SPAN style=\"FONT-SIZE: 14px\">\u00c9n csak azt k\u00e9rem b\u00facs\u00faz\u00f3ul, hogy minden j\u00f3 \u00e9rz\u00e9s\u0171 ember tiltakozzon a gyakorlat ellen, hogy valaki vissza\u00e9ljen m\u00e1sok bizalm\u00e1val, \u00e9s kiteregesse b\u00e1rmilyen okb\u00f3l a levelez\u00e9s\u00e9t, ut\u00f3lagos \u00e9rdekeinek megfelel\u0151en elferd\u00edtve a t\u00f6rt\u00e9nteket.<\/SPAN><\/P>\r\n<P><STRONG><SPAN style=\"FONT-SIZE: 14px\">Mindenkinek elrettent\u00e9s\u00fcl, avagy a k\u00f6z\u00f6ns\u00e9gess\u00e9g megnyilatkoz\u00e1sa:<\/SPAN><\/STRONG>&nbsp;<\/P>\r\n<P><A href=\"https:\/\/vadmacs.cafeblog.hu\/index.php?view=bejegyzes_oldal&amp;bejid=106012\"><SPAN style=\"FONT-SIZE: 14px\">https:\/\/vadmacs.cafeblog.hu\/index.php?view=bejegyzes_oldal&amp;bejid=106012<\/SPAN><\/A><\/P>","type":"rich"}